{"id":1039,"date":"2020-10-09T22:45:24","date_gmt":"2020-10-10T01:45:24","guid":{"rendered":"https:\/\/www.centrocapta.cl\/?page_id=1039"},"modified":"2023-07-11T14:01:30","modified_gmt":"2023-07-11T17:01:30","slug":"equipo","status":"publish","type":"page","link":"https:\/\/www.centrocapta.cl\/?page_id=1039","title":{"rendered":"Equipo CAPTA"},"content":{"rendered":"\t\t<div data-elementor-type=\"wp-page\" data-elementor-id=\"1039\" class=\"elementor elementor-1039\">\n\t\t\t\t\t\t<section class=\"elementor-section elementor-top-section elementor-element elementor-element-27acaa85 elementor-section-boxed elementor-section-height-default elementor-section-height-default\" data-id=\"27acaa85\" data-element_type=\"section\" data-e-type=\"section\">\n\t\t\t\t\t\t<div class=\"elementor-container elementor-column-gap-no\">\n\t\t\t\t\t<div class=\"elementor-column elementor-col-25 elementor-top-column elementor-element elementor-element-d27e5e1\" data-id=\"d27e5e1\" data-element_type=\"column\" data-e-type=\"column\">\n\t\t\t<div class=\"elementor-widget-wrap elementor-element-populated\">\n\t\t\t\t\t\t<div class=\"elementor-element elementor-element-b6b233f elementor-position-top elementor-widget elementor-widget-image-box\" data-id=\"b6b233f\" data-element_type=\"widget\" data-e-type=\"widget\" data-widget_type=\"image-box.default\">\n\t\t\t\t<div class=\"elementor-widget-container\">\n\t\t\t\t\t<div class=\"elementor-image-box-wrapper\"><figure class=\"elementor-image-box-img\"><img decoding=\"async\" width=\"150\" height=\"150\" src=\"https:\/\/www.centrocapta.cl\/wp-content\/uploads\/2021\/04\/Linda-Daniele-2020-150x150.jpg\" class=\"attachment-thumbnail size-thumbnail wp-image-2031\" alt=\"\" srcset=\"https:\/\/www.centrocapta.cl\/wp-content\/uploads\/2021\/04\/Linda-Daniele-2020-150x150.jpg 150w, https:\/\/www.centrocapta.cl\/wp-content\/uploads\/2021\/04\/Linda-Daniele-2020-300x300.jpg 300w, https:\/\/www.centrocapta.cl\/wp-content\/uploads\/2021\/04\/Linda-Daniele-2020.jpg 400w\" sizes=\"(max-width: 150px) 100vw, 150px\" \/><\/figure><div class=\"elementor-image-box-content\"><h3 class=\"elementor-image-box-title\">Linda Daniele<\/h3><p class=\"elementor-image-box-description\">investigadora - directora acad\u00e9mica <\/p><\/div><\/div>\t\t\t\t<\/div>\n\t\t\t\t<\/div>\n\t\t\t\t<div class=\"elementor-element elementor-element-fb9ea9a elementor-view-framed elementor-shape-circle elementor-widget elementor-widget-icon\" data-id=\"fb9ea9a\" data-element_type=\"widget\" data-e-type=\"widget\" data-widget_type=\"icon.default\">\n\t\t\t\t<div class=\"elementor-widget-container\">\n\t\t\t\t\t\t\t<div class=\"elementor-icon-wrapper\">\n\t\t\t<a class=\"elementor-icon\" href=\"mailto:ldaniele@uchile.cl\">\n\t\t\t<i aria-hidden=\"true\" class=\"fas fa-envelope\"><\/i>\t\t\t<\/a>\n\t\t<\/div>\n\t\t\t\t\t\t<\/div>\n\t\t\t\t<\/div>\n\t\t\t\t\t<\/div>\n\t\t<\/div>\n\t\t\t\t<div class=\"elementor-column elementor-col-25 elementor-top-column elementor-element elementor-element-cb62558\" data-id=\"cb62558\" data-element_type=\"column\" data-e-type=\"column\">\n\t\t\t<div class=\"elementor-widget-wrap elementor-element-populated\">\n\t\t\t\t\t\t<div class=\"elementor-element elementor-element-2cca47d elementor-position-top elementor-widget elementor-widget-image-box\" data-id=\"2cca47d\" data-element_type=\"widget\" data-e-type=\"widget\" data-widget_type=\"image-box.default\">\n\t\t\t\t<div class=\"elementor-widget-container\">\n\t\t\t\t\t<div class=\"elementor-image-box-wrapper\"><figure class=\"elementor-image-box-img\"><img decoding=\"async\" width=\"150\" height=\"150\" src=\"https:\/\/www.centrocapta.cl\/wp-content\/uploads\/2020\/10\/James-McPhee--e1603042632324-150x150.jpeg\" class=\"attachment-thumbnail size-thumbnail wp-image-1107\" alt=\"\" srcset=\"https:\/\/www.centrocapta.cl\/wp-content\/uploads\/2020\/10\/James-McPhee--e1603042632324-150x150.jpeg 150w, https:\/\/www.centrocapta.cl\/wp-content\/uploads\/2020\/10\/James-McPhee--e1603042632324-300x300.jpeg 300w, https:\/\/www.centrocapta.cl\/wp-content\/uploads\/2020\/10\/James-McPhee--e1603042632324.jpeg 499w\" sizes=\"(max-width: 150px) 100vw, 150px\" \/><\/figure><div class=\"elementor-image-box-content\"><h3 class=\"elementor-image-box-title\">James McPhee<\/h3><p class=\"elementor-image-box-description\">investigador - subdirector consorcio<\/p><\/div><\/div>\t\t\t\t<\/div>\n\t\t\t\t<\/div>\n\t\t\t\t<div class=\"elementor-element elementor-element-eeff014 elementor-view-framed elementor-shape-circle elementor-widget elementor-widget-icon\" data-id=\"eeff014\" data-element_type=\"widget\" data-e-type=\"widget\" data-widget_type=\"icon.default\">\n\t\t\t\t<div class=\"elementor-widget-container\">\n\t\t\t\t\t\t\t<div class=\"elementor-icon-wrapper\">\n\t\t\t<a class=\"elementor-icon\" href=\"mailto:jmcphee@uchile.cl\">\n\t\t\t<i aria-hidden=\"true\" class=\"fas fa-envelope\"><\/i>\t\t\t<\/a>\n\t\t<\/div>\n\t\t\t\t\t\t<\/div>\n\t\t\t\t<\/div>\n\t\t\t\t\t<\/div>\n\t\t<\/div>\n\t\t\t\t<div class=\"elementor-column elementor-col-25 elementor-top-column elementor-element elementor-element-f54b130\" data-id=\"f54b130\" data-element_type=\"column\" data-e-type=\"column\">\n\t\t\t<div class=\"elementor-widget-wrap elementor-element-populated\">\n\t\t\t\t\t\t<div class=\"elementor-element elementor-element-1955244 elementor-position-top elementor-widget elementor-widget-image-box\" data-id=\"1955244\" data-element_type=\"widget\" data-e-type=\"widget\" data-widget_type=\"image-box.default\">\n\t\t\t\t<div class=\"elementor-widget-container\">\n\t\t\t\t\t<div class=\"elementor-image-box-wrapper\"><figure class=\"elementor-image-box-img\"><img decoding=\"async\" width=\"150\" height=\"150\" src=\"https:\/\/www.centrocapta.cl\/wp-content\/uploads\/2022\/01\/Mari\u0301a-Ignacia-150x150.jpeg\" class=\"attachment-thumbnail size-thumbnail wp-image-2265\" alt=\"\" srcset=\"https:\/\/www.centrocapta.cl\/wp-content\/uploads\/2022\/01\/Mari\u0301a-Ignacia-150x150.jpeg 150w, https:\/\/www.centrocapta.cl\/wp-content\/uploads\/2022\/01\/Mari\u0301a-Ignacia-300x300.jpeg 300w, https:\/\/www.centrocapta.cl\/wp-content\/uploads\/2022\/01\/Mari\u0301a-Ignacia.jpeg 400w\" sizes=\"(max-width: 150px) 100vw, 150px\" \/><\/figure><div class=\"elementor-image-box-content\"><h3 class=\"elementor-image-box-title\">Mar\u00eda Ignacia Orell<\/h3><p class=\"elementor-image-box-description\">directora ejecutiva<\/p><\/div><\/div>\t\t\t\t<\/div>\n\t\t\t\t<\/div>\n\t\t\t\t<div class=\"elementor-element elementor-element-b7f9c89 elementor-view-framed elementor-shape-circle elementor-widget elementor-widget-icon\" data-id=\"b7f9c89\" data-element_type=\"widget\" data-e-type=\"widget\" data-widget_type=\"icon.default\">\n\t\t\t\t<div class=\"elementor-widget-container\">\n\t\t\t\t\t\t\t<div class=\"elementor-icon-wrapper\">\n\t\t\t<a class=\"elementor-icon\" href=\"mailto:maria.orell@uchile.cl\">\n\t\t\t<i aria-hidden=\"true\" class=\"fas fa-envelope\"><\/i>\t\t\t<\/a>\n\t\t<\/div>\n\t\t\t\t\t\t<\/div>\n\t\t\t\t<\/div>\n\t\t\t\t\t<\/div>\n\t\t<\/div>\n\t\t\t\t<div class=\"elementor-column elementor-col-25 elementor-top-column elementor-element elementor-element-2fa3b37\" data-id=\"2fa3b37\" data-element_type=\"column\" data-e-type=\"column\">\n\t\t\t<div class=\"elementor-widget-wrap elementor-element-populated\">\n\t\t\t\t\t\t<div class=\"elementor-element elementor-element-605da46 elementor-position-top elementor-widget elementor-widget-image-box\" data-id=\"605da46\" data-element_type=\"widget\" data-e-type=\"widget\" data-widget_type=\"image-box.default\">\n\t\t\t\t<div class=\"elementor-widget-container\">\n\t\t\t\t\t<div class=\"elementor-image-box-wrapper\"><figure class=\"elementor-image-box-img\"><img loading=\"lazy\" decoding=\"async\" width=\"150\" height=\"150\" src=\"https:\/\/www.centrocapta.cl\/wp-content\/uploads\/2020\/10\/rodrigo_fuster-e1603536719445-150x150.jpg\" class=\"attachment-thumbnail size-thumbnail wp-image-1105\" alt=\"\" \/><\/figure><div class=\"elementor-image-box-content\"><h3 class=\"elementor-image-box-title\">Rodrigo Fuster<\/h3><p class=\"elementor-image-box-description\">director proyecto 1<\/p><\/div><\/div>\t\t\t\t<\/div>\n\t\t\t\t<\/div>\n\t\t\t\t<div class=\"elementor-element elementor-element-7620cc4 elementor-view-framed elementor-shape-circle elementor-widget elementor-widget-icon\" data-id=\"7620cc4\" data-element_type=\"widget\" data-e-type=\"widget\" data-widget_type=\"icon.default\">\n\t\t\t\t<div class=\"elementor-widget-container\">\n\t\t\t\t\t\t\t<div class=\"elementor-icon-wrapper\">\n\t\t\t<a class=\"elementor-icon\" href=\"mailto:rfuster@uchile.cl\">\n\t\t\t<i aria-hidden=\"true\" class=\"fas fa-envelope\"><\/i>\t\t\t<\/a>\n\t\t<\/div>\n\t\t\t\t\t\t<\/div>\n\t\t\t\t<\/div>\n\t\t\t\t\t<\/div>\n\t\t<\/div>\n\t\t\t\t\t<\/div>\n\t\t<\/section>\n\t\t\t\t<section class=\"elementor-section elementor-top-section elementor-element elementor-element-b580412 elementor-section-boxed elementor-section-height-default elementor-section-height-default\" data-id=\"b580412\" data-element_type=\"section\" data-e-type=\"section\">\n\t\t\t\t\t\t<div class=\"elementor-container elementor-column-gap-no\">\n\t\t\t\t\t<div class=\"elementor-column elementor-col-25 elementor-top-column elementor-element elementor-element-674c7e3\" data-id=\"674c7e3\" data-element_type=\"column\" data-e-type=\"column\">\n\t\t\t<div class=\"elementor-widget-wrap elementor-element-populated\">\n\t\t\t\t\t\t<div class=\"elementor-element elementor-element-49bdcd1 elementor-position-top elementor-widget elementor-widget-image-box\" data-id=\"49bdcd1\" data-element_type=\"widget\" data-e-type=\"widget\" data-widget_type=\"image-box.default\">\n\t\t\t\t<div class=\"elementor-widget-container\">\n\t\t\t\t\t<div class=\"elementor-image-box-wrapper\"><figure class=\"elementor-image-box-img\"><img loading=\"lazy\" decoding=\"async\" width=\"150\" height=\"150\" src=\"https:\/\/www.centrocapta.cl\/wp-content\/uploads\/2020\/10\/Ana-Karina-Palacios-150x150.jpeg\" class=\"attachment-thumbnail size-thumbnail wp-image-1111\" alt=\"\" srcset=\"https:\/\/www.centrocapta.cl\/wp-content\/uploads\/2020\/10\/Ana-Karina-Palacios-150x150.jpeg 150w, https:\/\/www.centrocapta.cl\/wp-content\/uploads\/2020\/10\/Ana-Karina-Palacios.jpeg 202w\" sizes=\"(max-width: 150px) 100vw, 150px\" \/><\/figure><div class=\"elementor-image-box-content\"><h3 class=\"elementor-image-box-title\">Karina Palacios<\/h3><p class=\"elementor-image-box-description\">coordinaci\u00f3n proyecto 1<\/p><\/div><\/div>\t\t\t\t<\/div>\n\t\t\t\t<\/div>\n\t\t\t\t<div class=\"elementor-element elementor-element-ff6b8bb elementor-view-framed elementor-shape-circle elementor-widget elementor-widget-icon\" data-id=\"ff6b8bb\" data-element_type=\"widget\" data-e-type=\"widget\" data-widget_type=\"icon.default\">\n\t\t\t\t<div class=\"elementor-widget-container\">\n\t\t\t\t\t\t\t<div class=\"elementor-icon-wrapper\">\n\t\t\t<a class=\"elementor-icon\" href=\"mailto:akpalaciosq@uchile.cl\">\n\t\t\t<i aria-hidden=\"true\" class=\"fas fa-envelope\"><\/i>\t\t\t<\/a>\n\t\t<\/div>\n\t\t\t\t\t\t<\/div>\n\t\t\t\t<\/div>\n\t\t\t\t\t<\/div>\n\t\t<\/div>\n\t\t\t\t<div class=\"elementor-column elementor-col-25 elementor-top-column elementor-element elementor-element-aaf7d27\" data-id=\"aaf7d27\" data-element_type=\"column\" data-e-type=\"column\">\n\t\t\t<div class=\"elementor-widget-wrap elementor-element-populated\">\n\t\t\t\t\t\t<div class=\"elementor-element elementor-element-59fa9e6 elementor-position-top elementor-widget elementor-widget-image-box\" data-id=\"59fa9e6\" data-element_type=\"widget\" data-e-type=\"widget\" data-widget_type=\"image-box.default\">\n\t\t\t\t<div class=\"elementor-widget-container\">\n\t\t\t\t\t<div class=\"elementor-image-box-wrapper\"><figure class=\"elementor-image-box-img\"><img loading=\"lazy\" decoding=\"async\" width=\"150\" height=\"150\" src=\"https:\/\/www.centrocapta.cl\/wp-content\/uploads\/2020\/10\/Yerel-Morales-e1603043053396-150x150.jpg\" class=\"attachment-thumbnail size-thumbnail wp-image-1112\" alt=\"\" \/><\/figure><div class=\"elementor-image-box-content\"><h3 class=\"elementor-image-box-title\">Yerel Morales<\/h3><p class=\"elementor-image-box-description\">Investigadora de Doctorado<\/p><\/div><\/div>\t\t\t\t<\/div>\n\t\t\t\t<\/div>\n\t\t\t\t<div class=\"elementor-element elementor-element-76ee053 elementor-view-framed elementor-shape-circle elementor-widget elementor-widget-icon\" data-id=\"76ee053\" data-element_type=\"widget\" data-e-type=\"widget\" data-widget_type=\"icon.default\">\n\t\t\t\t<div class=\"elementor-widget-container\">\n\t\t\t\t\t\t\t<div class=\"elementor-icon-wrapper\">\n\t\t\t<a class=\"elementor-icon\" href=\"mailto:yerel.morales@uv.cl%20\">\n\t\t\t<i aria-hidden=\"true\" class=\"fas fa-envelope\"><\/i>\t\t\t<\/a>\n\t\t<\/div>\n\t\t\t\t\t\t<\/div>\n\t\t\t\t<\/div>\n\t\t\t\t\t<\/div>\n\t\t<\/div>\n\t\t\t\t<div class=\"elementor-column elementor-col-25 elementor-top-column elementor-element elementor-element-5e19c9f\" data-id=\"5e19c9f\" data-element_type=\"column\" data-e-type=\"column\">\n\t\t\t<div class=\"elementor-widget-wrap elementor-element-populated\">\n\t\t\t\t\t\t<div class=\"elementor-element elementor-element-609a7c8 elementor-position-top elementor-widget elementor-widget-image-box\" data-id=\"609a7c8\" data-element_type=\"widget\" data-e-type=\"widget\" data-widget_type=\"image-box.default\">\n\t\t\t\t<div class=\"elementor-widget-container\">\n\t\t\t\t\t<div class=\"elementor-image-box-wrapper\"><figure class=\"elementor-image-box-img\"><img loading=\"lazy\" decoding=\"async\" width=\"150\" height=\"150\" src=\"https:\/\/www.centrocapta.cl\/wp-content\/uploads\/2020\/10\/Francisco-Jara-scaled-e1603246827237-150x150.jpg\" class=\"attachment-thumbnail size-thumbnail wp-image-1235\" alt=\"\" \/><\/figure><div class=\"elementor-image-box-content\"><h3 class=\"elementor-image-box-title\">Francisco Jara<\/h3><p class=\"elementor-image-box-description\">Profesional de investigaci\u00f3n<\/p><\/div><\/div>\t\t\t\t<\/div>\n\t\t\t\t<\/div>\n\t\t\t\t<div class=\"elementor-element elementor-element-06c9efa elementor-view-framed elementor-shape-circle elementor-widget elementor-widget-icon\" data-id=\"06c9efa\" data-element_type=\"widget\" data-e-type=\"widget\" data-widget_type=\"icon.default\">\n\t\t\t\t<div class=\"elementor-widget-container\">\n\t\t\t\t\t\t\t<div class=\"elementor-icon-wrapper\">\n\t\t\t<div class=\"elementor-icon\">\n\t\t\t<i aria-hidden=\"true\" class=\"fas fa-envelope\"><\/i>\t\t\t<\/div>\n\t\t<\/div>\n\t\t\t\t\t\t<\/div>\n\t\t\t\t<\/div>\n\t\t\t\t\t<\/div>\n\t\t<\/div>\n\t\t\t\t<div class=\"elementor-column elementor-col-25 elementor-top-column elementor-element elementor-element-96ded77\" data-id=\"96ded77\" data-element_type=\"column\" data-e-type=\"column\">\n\t\t\t<div class=\"elementor-widget-wrap elementor-element-populated\">\n\t\t\t\t\t\t<div class=\"elementor-element elementor-element-1d6f64a elementor-position-top elementor-widget elementor-widget-image-box\" data-id=\"1d6f64a\" data-element_type=\"widget\" data-e-type=\"widget\" data-widget_type=\"image-box.default\">\n\t\t\t\t<div class=\"elementor-widget-container\">\n\t\t\t\t\t<div class=\"elementor-image-box-wrapper\"><figure class=\"elementor-image-box-img\"><img loading=\"lazy\" decoding=\"async\" width=\"150\" height=\"150\" src=\"https:\/\/www.centrocapta.cl\/wp-content\/uploads\/2020\/10\/Yolanda-Alberto-150x150.jpeg\" class=\"attachment-thumbnail size-thumbnail wp-image-1114\" alt=\"\" srcset=\"https:\/\/www.centrocapta.cl\/wp-content\/uploads\/2020\/10\/Yolanda-Alberto-150x150.jpeg 150w, https:\/\/www.centrocapta.cl\/wp-content\/uploads\/2020\/10\/Yolanda-Alberto-300x300.jpeg 300w, https:\/\/www.centrocapta.cl\/wp-content\/uploads\/2020\/10\/Yolanda-Alberto-768x768.jpeg 768w, https:\/\/www.centrocapta.cl\/wp-content\/uploads\/2020\/10\/Yolanda-Alberto.jpeg 852w\" sizes=\"(max-width: 150px) 100vw, 150px\" \/><\/figure><div class=\"elementor-image-box-content\"><h3 class=\"elementor-image-box-title\">Yolanda Alberto<\/h3><p class=\"elementor-image-box-description\">investigadora - directora proyecto 2<\/p><\/div><\/div>\t\t\t\t<\/div>\n\t\t\t\t<\/div>\n\t\t\t\t<div class=\"elementor-element elementor-element-867593a elementor-view-framed elementor-shape-circle elementor-widget elementor-widget-icon\" data-id=\"867593a\" data-element_type=\"widget\" data-e-type=\"widget\" data-widget_type=\"icon.default\">\n\t\t\t\t<div class=\"elementor-widget-container\">\n\t\t\t\t\t\t\t<div class=\"elementor-icon-wrapper\">\n\t\t\t<a class=\"elementor-icon\" href=\"mailto:yalberto@uchile.cl\">\n\t\t\t<i aria-hidden=\"true\" class=\"fas fa-envelope\"><\/i>\t\t\t<\/a>\n\t\t<\/div>\n\t\t\t\t\t\t<\/div>\n\t\t\t\t<\/div>\n\t\t\t\t\t<\/div>\n\t\t<\/div>\n\t\t\t\t\t<\/div>\n\t\t<\/section>\n\t\t\t\t<section class=\"elementor-section elementor-top-section elementor-element elementor-element-16fd9b4 elementor-section-boxed elementor-section-height-default elementor-section-height-default\" data-id=\"16fd9b4\" data-element_type=\"section\" data-e-type=\"section\">\n\t\t\t\t\t\t<div class=\"elementor-container elementor-column-gap-no\">\n\t\t\t\t\t<div class=\"elementor-column elementor-col-25 elementor-top-column elementor-element elementor-element-8a2fe21\" data-id=\"8a2fe21\" data-element_type=\"column\" data-e-type=\"column\">\n\t\t\t<div class=\"elementor-widget-wrap elementor-element-populated\">\n\t\t\t\t\t\t<div class=\"elementor-element elementor-element-546e773 elementor-position-top elementor-widget elementor-widget-image-box\" data-id=\"546e773\" data-element_type=\"widget\" data-e-type=\"widget\" data-widget_type=\"image-box.default\">\n\t\t\t\t<div class=\"elementor-widget-container\">\n\t\t\t\t\t<div class=\"elementor-image-box-wrapper\"><figure class=\"elementor-image-box-img\"><img loading=\"lazy\" decoding=\"async\" width=\"150\" height=\"150\" src=\"https:\/\/www.centrocapta.cl\/wp-content\/uploads\/2020\/10\/Yarko-Nino--150x150.jpg\" class=\"attachment-thumbnail size-thumbnail wp-image-1115\" alt=\"\" \/><\/figure><div class=\"elementor-image-box-content\"><h3 class=\"elementor-image-box-title\">Yarko Ni\u00f1o<\/h3><p class=\"elementor-image-box-description\">investigador<\/p><\/div><\/div>\t\t\t\t<\/div>\n\t\t\t\t<\/div>\n\t\t\t\t<div class=\"elementor-element elementor-element-a6dced3 elementor-view-framed elementor-shape-circle elementor-widget elementor-widget-icon\" data-id=\"a6dced3\" data-element_type=\"widget\" data-e-type=\"widget\" data-widget_type=\"icon.default\">\n\t\t\t\t<div class=\"elementor-widget-container\">\n\t\t\t\t\t\t\t<div class=\"elementor-icon-wrapper\">\n\t\t\t<a class=\"elementor-icon\" href=\"mailto:ynino@uchile.cl\">\n\t\t\t<i aria-hidden=\"true\" class=\"fas fa-envelope\"><\/i>\t\t\t<\/a>\n\t\t<\/div>\n\t\t\t\t\t\t<\/div>\n\t\t\t\t<\/div>\n\t\t\t\t\t<\/div>\n\t\t<\/div>\n\t\t\t\t<div class=\"elementor-column elementor-col-25 elementor-top-column elementor-element elementor-element-edfb07d\" data-id=\"edfb07d\" data-element_type=\"column\" data-e-type=\"column\">\n\t\t\t<div class=\"elementor-widget-wrap elementor-element-populated\">\n\t\t\t\t\t\t<div class=\"elementor-element elementor-element-8df7dbc elementor-position-top elementor-widget elementor-widget-image-box\" data-id=\"8df7dbc\" data-element_type=\"widget\" data-e-type=\"widget\" data-widget_type=\"image-box.default\">\n\t\t\t\t<div class=\"elementor-widget-container\">\n\t\t\t\t\t<div class=\"elementor-image-box-wrapper\"><figure class=\"elementor-image-box-img\"><img loading=\"lazy\" decoding=\"async\" width=\"150\" height=\"150\" src=\"https:\/\/www.centrocapta.cl\/wp-content\/uploads\/2023\/07\/Ariel-Fernandezjpg-150x150.jpg\" class=\"attachment-thumbnail size-thumbnail wp-image-2832\" alt=\"\" \/><\/figure><div class=\"elementor-image-box-content\"><h3 class=\"elementor-image-box-title\">Ariel Fern\u00e1ndez<\/h3><p class=\"elementor-image-box-description\">investigador<\/p><\/div><\/div>\t\t\t\t<\/div>\n\t\t\t\t<\/div>\n\t\t\t\t<div class=\"elementor-element elementor-element-a8ef2c6 elementor-view-framed elementor-shape-circle elementor-widget elementor-widget-icon\" data-id=\"a8ef2c6\" data-element_type=\"widget\" data-e-type=\"widget\" data-widget_type=\"icon.default\">\n\t\t\t\t<div class=\"elementor-widget-container\">\n\t\t\t\t\t\t\t<div class=\"elementor-icon-wrapper\">\n\t\t\t<a class=\"elementor-icon\" href=\"mailto:ariel.ff@icloud.com\">\n\t\t\t<i aria-hidden=\"true\" class=\"fas fa-envelope\"><\/i>\t\t\t<\/a>\n\t\t<\/div>\n\t\t\t\t\t\t<\/div>\n\t\t\t\t<\/div>\n\t\t\t\t\t<\/div>\n\t\t<\/div>\n\t\t\t\t<div class=\"elementor-column elementor-col-25 elementor-top-column elementor-element elementor-element-129545c\" data-id=\"129545c\" data-element_type=\"column\" data-e-type=\"column\">\n\t\t\t<div class=\"elementor-widget-wrap elementor-element-populated\">\n\t\t\t\t\t\t<div class=\"elementor-element elementor-element-0eab4f6 elementor-position-top elementor-widget elementor-widget-image-box\" data-id=\"0eab4f6\" data-element_type=\"widget\" data-e-type=\"widget\" data-widget_type=\"image-box.default\">\n\t\t\t\t<div class=\"elementor-widget-container\">\n\t\t\t\t\t<div class=\"elementor-image-box-wrapper\"><figure class=\"elementor-image-box-img\"><img loading=\"lazy\" decoding=\"async\" width=\"150\" height=\"150\" src=\"https:\/\/www.centrocapta.cl\/wp-content\/uploads\/2020\/10\/Ana-Lucia-Prieto-e1603536547364-150x150.jpeg\" class=\"attachment-thumbnail size-thumbnail wp-image-1117\" alt=\"\" \/><\/figure><div class=\"elementor-image-box-content\"><h3 class=\"elementor-image-box-title\">Ana Luc\u00eda Prieto<\/h3><p class=\"elementor-image-box-description\">investigadora - directora proyecto 3<\/p><\/div><\/div>\t\t\t\t<\/div>\n\t\t\t\t<\/div>\n\t\t\t\t<div class=\"elementor-element elementor-element-e84e4f7 elementor-view-framed elementor-shape-circle elementor-widget elementor-widget-icon\" data-id=\"e84e4f7\" data-element_type=\"widget\" data-e-type=\"widget\" data-widget_type=\"icon.default\">\n\t\t\t\t<div class=\"elementor-widget-container\">\n\t\t\t\t\t\t\t<div class=\"elementor-icon-wrapper\">\n\t\t\t<a class=\"elementor-icon\" href=\"mailto:ana.prieto@uchile.cl\">\n\t\t\t<i aria-hidden=\"true\" class=\"fas fa-envelope\"><\/i>\t\t\t<\/a>\n\t\t<\/div>\n\t\t\t\t\t\t<\/div>\n\t\t\t\t<\/div>\n\t\t\t\t\t<\/div>\n\t\t<\/div>\n\t\t\t\t<div class=\"elementor-column elementor-col-25 elementor-top-column elementor-element elementor-element-956b2b7\" data-id=\"956b2b7\" data-element_type=\"column\" data-e-type=\"column\">\n\t\t\t<div class=\"elementor-widget-wrap elementor-element-populated\">\n\t\t\t\t\t\t<div class=\"elementor-element elementor-element-8e0edb5 elementor-position-top elementor-widget elementor-widget-image-box\" data-id=\"8e0edb5\" data-element_type=\"widget\" data-e-type=\"widget\" data-widget_type=\"image-box.default\">\n\t\t\t\t<div class=\"elementor-widget-container\">\n\t\t\t\t\t<div class=\"elementor-image-box-wrapper\"><figure class=\"elementor-image-box-img\"><img loading=\"lazy\" decoding=\"async\" width=\"150\" height=\"150\" src=\"https:\/\/www.centrocapta.cl\/wp-content\/uploads\/2020\/10\/Juvenal-Letelier--e1603536587656-150x150.jpg\" class=\"attachment-thumbnail size-thumbnail wp-image-1118\" alt=\"\" \/><\/figure><div class=\"elementor-image-box-content\"><h3 class=\"elementor-image-box-title\">Juvenal Letelier<\/h3><p class=\"elementor-image-box-description\">investigador<\/p><\/div><\/div>\t\t\t\t<\/div>\n\t\t\t\t<\/div>\n\t\t\t\t<div class=\"elementor-element elementor-element-b383ae0 elementor-view-framed elementor-shape-circle elementor-widget elementor-widget-icon\" data-id=\"b383ae0\" data-element_type=\"widget\" data-e-type=\"widget\" data-widget_type=\"icon.default\">\n\t\t\t\t<div class=\"elementor-widget-container\">\n\t\t\t\t\t\t\t<div class=\"elementor-icon-wrapper\">\n\t\t\t<a class=\"elementor-icon\" href=\"mailto:juvenal.letelier@uchile.cl\">\n\t\t\t<i aria-hidden=\"true\" class=\"fas fa-envelope\"><\/i>\t\t\t<\/a>\n\t\t<\/div>\n\t\t\t\t\t\t<\/div>\n\t\t\t\t<\/div>\n\t\t\t\t\t<\/div>\n\t\t<\/div>\n\t\t\t\t\t<\/div>\n\t\t<\/section>\n\t\t\t\t<section class=\"elementor-section elementor-top-section elementor-element elementor-element-b6d2097 elementor-section-boxed elementor-section-height-default elementor-section-height-default\" data-id=\"b6d2097\" data-element_type=\"section\" data-e-type=\"section\">\n\t\t\t\t\t\t<div class=\"elementor-container elementor-column-gap-no\">\n\t\t\t\t\t<div class=\"elementor-column elementor-col-25 elementor-top-column elementor-element elementor-element-088c444\" data-id=\"088c444\" data-element_type=\"column\" data-e-type=\"column\">\n\t\t\t<div class=\"elementor-widget-wrap elementor-element-populated\">\n\t\t\t\t\t\t<div class=\"elementor-element elementor-element-bd81bc2 elementor-position-top elementor-widget elementor-widget-image-box\" data-id=\"bd81bc2\" data-element_type=\"widget\" data-e-type=\"widget\" data-widget_type=\"image-box.default\">\n\t\t\t\t<div class=\"elementor-widget-container\">\n\t\t\t\t\t<div class=\"elementor-image-box-wrapper\"><figure class=\"elementor-image-box-img\"><img loading=\"lazy\" decoding=\"async\" width=\"150\" height=\"150\" src=\"https:\/\/www.centrocapta.cl\/wp-content\/uploads\/2020\/10\/katherine-lizama-allende-e1603536501457-150x150.jpeg\" class=\"attachment-thumbnail size-thumbnail wp-image-1134\" alt=\"\" \/><\/figure><div class=\"elementor-image-box-content\"><h3 class=\"elementor-image-box-title\">Katherine Lizama<\/h3><p class=\"elementor-image-box-description\">investigadora - directora proyecto 8<\/p><\/div><\/div>\t\t\t\t<\/div>\n\t\t\t\t<\/div>\n\t\t\t\t<div class=\"elementor-element elementor-element-f6c9376 elementor-view-framed elementor-shape-circle elementor-widget elementor-widget-icon\" data-id=\"f6c9376\" data-element_type=\"widget\" data-e-type=\"widget\" data-widget_type=\"icon.default\">\n\t\t\t\t<div class=\"elementor-widget-container\">\n\t\t\t\t\t\t\t<div class=\"elementor-icon-wrapper\">\n\t\t\t<a class=\"elementor-icon\" href=\"mailto:klizama@ing.uchile.cl\">\n\t\t\t<i aria-hidden=\"true\" class=\"fas fa-envelope\"><\/i>\t\t\t<\/a>\n\t\t<\/div>\n\t\t\t\t\t\t<\/div>\n\t\t\t\t<\/div>\n\t\t\t\t\t<\/div>\n\t\t<\/div>\n\t\t\t\t<div class=\"elementor-column elementor-col-25 elementor-top-column elementor-element elementor-element-2c1a449\" data-id=\"2c1a449\" data-element_type=\"column\" data-e-type=\"column\">\n\t\t\t<div class=\"elementor-widget-wrap elementor-element-populated\">\n\t\t\t\t\t\t<div class=\"elementor-element elementor-element-0a72bdd elementor-position-top elementor-widget elementor-widget-image-box\" data-id=\"0a72bdd\" data-element_type=\"widget\" data-e-type=\"widget\" data-widget_type=\"image-box.default\">\n\t\t\t\t<div class=\"elementor-widget-container\">\n\t\t\t\t\t<div class=\"elementor-image-box-wrapper\"><figure class=\"elementor-image-box-img\"><img loading=\"lazy\" decoding=\"async\" width=\"150\" height=\"150\" src=\"https:\/\/www.centrocapta.cl\/wp-content\/uploads\/2020\/10\/Claudio-Saez-_CEAUPLA-e1603536411971-150x150.jpg\" class=\"attachment-thumbnail size-thumbnail wp-image-1120\" alt=\"\" \/><\/figure><div class=\"elementor-image-box-content\"><h3 class=\"elementor-image-box-title\">Claudio Saez<\/h3><p class=\"elementor-image-box-description\">investigador - director proyecto 4<\/p><\/div><\/div>\t\t\t\t<\/div>\n\t\t\t\t<\/div>\n\t\t\t\t<div class=\"elementor-element elementor-element-8d321b6 elementor-view-framed elementor-shape-circle elementor-widget elementor-widget-icon\" data-id=\"8d321b6\" data-element_type=\"widget\" data-e-type=\"widget\" data-widget_type=\"icon.default\">\n\t\t\t\t<div class=\"elementor-widget-container\">\n\t\t\t\t\t\t\t<div class=\"elementor-icon-wrapper\">\n\t\t\t<a class=\"elementor-icon\" href=\"mailto:claudio.saez@upla.cl\">\n\t\t\t<i aria-hidden=\"true\" class=\"fas fa-envelope\"><\/i>\t\t\t<\/a>\n\t\t<\/div>\n\t\t\t\t\t\t<\/div>\n\t\t\t\t<\/div>\n\t\t\t\t\t<\/div>\n\t\t<\/div>\n\t\t\t\t<div class=\"elementor-column elementor-col-25 elementor-top-column elementor-element elementor-element-bd06f65\" data-id=\"bd06f65\" data-element_type=\"column\" data-e-type=\"column\">\n\t\t\t<div class=\"elementor-widget-wrap elementor-element-populated\">\n\t\t\t\t\t\t<div class=\"elementor-element elementor-element-73ec277 elementor-position-top elementor-widget elementor-widget-image-box\" data-id=\"73ec277\" data-element_type=\"widget\" data-e-type=\"widget\" data-widget_type=\"image-box.default\">\n\t\t\t\t<div class=\"elementor-widget-container\">\n\t\t\t\t\t<div class=\"elementor-image-box-wrapper\"><figure class=\"elementor-image-box-img\"><img loading=\"lazy\" decoding=\"async\" width=\"150\" height=\"150\" src=\"https:\/\/www.centrocapta.cl\/wp-content\/uploads\/2020\/10\/Ana-Maria-Santiabanez-scaled-e1603536463971-150x150.jpg\" class=\"attachment-thumbnail size-thumbnail wp-image-1121\" alt=\"\" \/><\/figure><div class=\"elementor-image-box-content\"><h3 class=\"elementor-image-box-title\">Ana Mar\u00eda Santib\u00e1\u00f1ez<\/h3><p class=\"elementor-image-box-description\">administraci\u00f3n proyecto 4<\/p><\/div><\/div>\t\t\t\t<\/div>\n\t\t\t\t<\/div>\n\t\t\t\t<div class=\"elementor-element elementor-element-ea4a008 elementor-view-framed elementor-shape-circle elementor-widget elementor-widget-icon\" data-id=\"ea4a008\" data-element_type=\"widget\" data-e-type=\"widget\" data-widget_type=\"icon.default\">\n\t\t\t\t<div class=\"elementor-widget-container\">\n\t\t\t\t\t\t\t<div class=\"elementor-icon-wrapper\">\n\t\t\t<a class=\"elementor-icon\" href=\"mailto:ana.santibanez@upla.cl\">\n\t\t\t<i aria-hidden=\"true\" class=\"fas fa-envelope\"><\/i>\t\t\t<\/a>\n\t\t<\/div>\n\t\t\t\t\t\t<\/div>\n\t\t\t\t<\/div>\n\t\t\t\t\t<\/div>\n\t\t<\/div>\n\t\t\t\t<div class=\"elementor-column elementor-col-25 elementor-top-column elementor-element elementor-element-a8f215d\" data-id=\"a8f215d\" data-element_type=\"column\" data-e-type=\"column\">\n\t\t\t<div class=\"elementor-widget-wrap elementor-element-populated\">\n\t\t\t\t\t\t<div class=\"elementor-element elementor-element-81dab38 elementor-position-top elementor-widget elementor-widget-image-box\" data-id=\"81dab38\" data-element_type=\"widget\" data-e-type=\"widget\" data-widget_type=\"image-box.default\">\n\t\t\t\t<div class=\"elementor-widget-container\">\n\t\t\t\t\t<div class=\"elementor-image-box-wrapper\"><figure class=\"elementor-image-box-img\"><img loading=\"lazy\" decoding=\"async\" width=\"150\" height=\"150\" src=\"https:\/\/www.centrocapta.cl\/wp-content\/uploads\/2020\/10\/Ayon-Garcia-Pina-e1603043731922-150x150.jpg\" class=\"attachment-thumbnail size-thumbnail wp-image-1122\" alt=\"\" \/><\/figure><div class=\"elementor-image-box-content\"><h3 class=\"elementor-image-box-title\">Ay\u00f3n Garc\u00eda<\/h3><p class=\"elementor-image-box-description\">investigador - director proyecto 5<\/p><\/div><\/div>\t\t\t\t<\/div>\n\t\t\t\t<\/div>\n\t\t\t\t<div class=\"elementor-element elementor-element-ec041fb elementor-view-framed elementor-shape-circle elementor-widget elementor-widget-icon\" data-id=\"ec041fb\" data-element_type=\"widget\" data-e-type=\"widget\" data-widget_type=\"icon.default\">\n\t\t\t\t<div class=\"elementor-widget-container\">\n\t\t\t\t\t\t\t<div class=\"elementor-icon-wrapper\">\n\t\t\t<a class=\"elementor-icon\" href=\"mailto:ayon.garcia@uda.cl\">\n\t\t\t<i aria-hidden=\"true\" class=\"fas fa-envelope\"><\/i>\t\t\t<\/a>\n\t\t<\/div>\n\t\t\t\t\t\t<\/div>\n\t\t\t\t<\/div>\n\t\t\t\t\t<\/div>\n\t\t<\/div>\n\t\t\t\t\t<\/div>\n\t\t<\/section>\n\t\t\t\t<section class=\"elementor-section elementor-top-section elementor-element elementor-element-073a49c elementor-section-boxed elementor-section-height-default elementor-section-height-default\" data-id=\"073a49c\" data-element_type=\"section\" data-e-type=\"section\">\n\t\t\t\t\t\t<div class=\"elementor-container elementor-column-gap-no\">\n\t\t\t\t\t<div class=\"elementor-column elementor-col-25 elementor-top-column elementor-element elementor-element-1fd3941\" data-id=\"1fd3941\" data-element_type=\"column\" data-e-type=\"column\">\n\t\t\t<div class=\"elementor-widget-wrap elementor-element-populated\">\n\t\t\t\t\t\t<div class=\"elementor-element elementor-element-733e6b9 elementor-position-top elementor-widget elementor-widget-image-box\" data-id=\"733e6b9\" data-element_type=\"widget\" data-e-type=\"widget\" data-widget_type=\"image-box.default\">\n\t\t\t\t<div class=\"elementor-widget-container\">\n\t\t\t\t\t<div class=\"elementor-image-box-wrapper\"><figure class=\"elementor-image-box-img\"><img loading=\"lazy\" decoding=\"async\" width=\"150\" height=\"150\" src=\"https:\/\/www.centrocapta.cl\/wp-content\/uploads\/2020\/10\/Christhopher-Ulloa--e1603536330268-150x150.jpg\" class=\"attachment-thumbnail size-thumbnail wp-image-1123\" alt=\"\" \/><\/figure><div class=\"elementor-image-box-content\"><h3 class=\"elementor-image-box-title\">Christopher Ulloa <\/h3><p class=\"elementor-image-box-description\">investigador <\/p><\/div><\/div>\t\t\t\t<\/div>\n\t\t\t\t<\/div>\n\t\t\t\t<div class=\"elementor-element elementor-element-3d03210 elementor-view-framed elementor-shape-circle elementor-widget elementor-widget-icon\" data-id=\"3d03210\" data-element_type=\"widget\" data-e-type=\"widget\" data-widget_type=\"icon.default\">\n\t\t\t\t<div class=\"elementor-widget-container\">\n\t\t\t\t\t\t\t<div class=\"elementor-icon-wrapper\">\n\t\t\t<a class=\"elementor-icon\" href=\"mailto:christopher.ulloa@uda.cl\">\n\t\t\t<i aria-hidden=\"true\" class=\"fas fa-envelope\"><\/i>\t\t\t<\/a>\n\t\t<\/div>\n\t\t\t\t\t\t<\/div>\n\t\t\t\t<\/div>\n\t\t\t\t\t<\/div>\n\t\t<\/div>\n\t\t\t\t<div class=\"elementor-column elementor-col-25 elementor-top-column elementor-element elementor-element-b6e114e\" data-id=\"b6e114e\" data-element_type=\"column\" data-e-type=\"column\">\n\t\t\t<div class=\"elementor-widget-wrap elementor-element-populated\">\n\t\t\t\t\t\t<div class=\"elementor-element elementor-element-096ea50 elementor-position-top elementor-widget elementor-widget-image-box\" data-id=\"096ea50\" data-element_type=\"widget\" data-e-type=\"widget\" data-widget_type=\"image-box.default\">\n\t\t\t\t<div class=\"elementor-widget-container\">\n\t\t\t\t\t<div class=\"elementor-image-box-wrapper\"><figure class=\"elementor-image-box-img\"><img loading=\"lazy\" decoding=\"async\" width=\"150\" height=\"150\" src=\"https:\/\/www.centrocapta.cl\/wp-content\/uploads\/2020\/10\/Daniza-Caimanque--e1603043836842-150x150.jpg\" class=\"attachment-thumbnail size-thumbnail wp-image-1124\" alt=\"\" \/><\/figure><div class=\"elementor-image-box-content\"><h3 class=\"elementor-image-box-title\">Daniza Caimanque<\/h3><p class=\"elementor-image-box-description\">administraci\u00f3n proyecto 5<\/p><\/div><\/div>\t\t\t\t<\/div>\n\t\t\t\t<\/div>\n\t\t\t\t<div class=\"elementor-element elementor-element-8e0dc06 elementor-view-framed elementor-shape-circle elementor-widget elementor-widget-icon\" data-id=\"8e0dc06\" data-element_type=\"widget\" data-e-type=\"widget\" data-widget_type=\"icon.default\">\n\t\t\t\t<div class=\"elementor-widget-container\">\n\t\t\t\t\t\t\t<div class=\"elementor-icon-wrapper\">\n\t\t\t<a class=\"elementor-icon\" href=\"mailto:daniza.caimanque@uda.cl\">\n\t\t\t<i aria-hidden=\"true\" class=\"fas fa-envelope\"><\/i>\t\t\t<\/a>\n\t\t<\/div>\n\t\t\t\t\t\t<\/div>\n\t\t\t\t<\/div>\n\t\t\t\t\t<\/div>\n\t\t<\/div>\n\t\t\t\t<div class=\"elementor-column elementor-col-25 elementor-top-column elementor-element elementor-element-dfa62c8\" data-id=\"dfa62c8\" data-element_type=\"column\" data-e-type=\"column\">\n\t\t\t<div class=\"elementor-widget-wrap elementor-element-populated\">\n\t\t\t\t\t\t<div class=\"elementor-element elementor-element-527b06e elementor-position-top elementor-widget elementor-widget-image-box\" data-id=\"527b06e\" data-element_type=\"widget\" data-e-type=\"widget\" data-widget_type=\"image-box.default\">\n\t\t\t\t<div class=\"elementor-widget-container\">\n\t\t\t\t\t<div class=\"elementor-image-box-wrapper\"><figure class=\"elementor-image-box-img\"><img loading=\"lazy\" decoding=\"async\" width=\"150\" height=\"150\" src=\"https:\/\/www.centrocapta.cl\/wp-content\/uploads\/2020\/10\/Jaime-Ortega-2-e1603043890998-150x150.jpg\" class=\"attachment-thumbnail size-thumbnail wp-image-1125\" alt=\"\" \/><\/figure><div class=\"elementor-image-box-content\"><h3 class=\"elementor-image-box-title\">Jaime Ortega<\/h3><p class=\"elementor-image-box-description\">investigador - director proyecto 6<\/p><\/div><\/div>\t\t\t\t<\/div>\n\t\t\t\t<\/div>\n\t\t\t\t<div class=\"elementor-element elementor-element-8e3b526 elementor-view-framed elementor-shape-circle elementor-widget elementor-widget-icon\" data-id=\"8e3b526\" data-element_type=\"widget\" data-e-type=\"widget\" data-widget_type=\"icon.default\">\n\t\t\t\t<div class=\"elementor-widget-container\">\n\t\t\t\t\t\t\t<div class=\"elementor-icon-wrapper\">\n\t\t\t<a class=\"elementor-icon\" href=\"mailto:jortega@dim.uchile.cl\">\n\t\t\t<i aria-hidden=\"true\" class=\"fas fa-envelope\"><\/i>\t\t\t<\/a>\n\t\t<\/div>\n\t\t\t\t\t\t<\/div>\n\t\t\t\t<\/div>\n\t\t\t\t\t<\/div>\n\t\t<\/div>\n\t\t\t\t<div class=\"elementor-column elementor-col-25 elementor-top-column elementor-element elementor-element-1ff66a5\" data-id=\"1ff66a5\" data-element_type=\"column\" data-e-type=\"column\">\n\t\t\t<div class=\"elementor-widget-wrap elementor-element-populated\">\n\t\t\t\t\t\t<div class=\"elementor-element elementor-element-3a5fab2 elementor-position-top elementor-widget elementor-widget-image-box\" data-id=\"3a5fab2\" data-element_type=\"widget\" data-e-type=\"widget\" data-widget_type=\"image-box.default\">\n\t\t\t\t<div class=\"elementor-widget-container\">\n\t\t\t\t\t<div class=\"elementor-image-box-wrapper\"><figure class=\"elementor-image-box-img\"><img loading=\"lazy\" decoding=\"async\" width=\"150\" height=\"150\" src=\"https:\/\/www.centrocapta.cl\/wp-content\/uploads\/2020\/10\/Javier-Ramirez-150x150.jpg\" class=\"attachment-thumbnail size-thumbnail wp-image-1126\" alt=\"\" srcset=\"https:\/\/www.centrocapta.cl\/wp-content\/uploads\/2020\/10\/Javier-Ramirez-150x150.jpg 150w, https:\/\/www.centrocapta.cl\/wp-content\/uploads\/2020\/10\/Javier-Ramirez-300x300.jpg 300w, https:\/\/www.centrocapta.cl\/wp-content\/uploads\/2020\/10\/Javier-Ramirez.jpg 400w\" sizes=\"(max-width: 150px) 100vw, 150px\" \/><\/figure><div class=\"elementor-image-box-content\"><h3 class=\"elementor-image-box-title\">Javier Ram\u00edrez<\/h3><p class=\"elementor-image-box-description\">investigador<\/p><\/div><\/div>\t\t\t\t<\/div>\n\t\t\t\t<\/div>\n\t\t\t\t<div class=\"elementor-element elementor-element-0888dac elementor-view-framed elementor-shape-circle elementor-widget elementor-widget-icon\" data-id=\"0888dac\" data-element_type=\"widget\" data-e-type=\"widget\" data-widget_type=\"icon.default\">\n\t\t\t\t<div class=\"elementor-widget-container\">\n\t\t\t\t\t\t\t<div class=\"elementor-icon-wrapper\">\n\t\t\t<a class=\"elementor-icon\" href=\"mailto:jramirez@dim.uchile.cl\">\n\t\t\t<i aria-hidden=\"true\" class=\"fas fa-envelope\"><\/i>\t\t\t<\/a>\n\t\t<\/div>\n\t\t\t\t\t\t<\/div>\n\t\t\t\t<\/div>\n\t\t\t\t\t<\/div>\n\t\t<\/div>\n\t\t\t\t\t<\/div>\n\t\t<\/section>\n\t\t\t\t<section class=\"elementor-section elementor-top-section elementor-element elementor-element-0a658c1 elementor-section-boxed elementor-section-height-default elementor-section-height-default\" data-id=\"0a658c1\" data-element_type=\"section\" data-e-type=\"section\">\n\t\t\t\t\t\t<div class=\"elementor-container elementor-column-gap-no\">\n\t\t\t\t\t<div class=\"elementor-column elementor-col-25 elementor-top-column elementor-element elementor-element-8de411d\" data-id=\"8de411d\" data-element_type=\"column\" data-e-type=\"column\">\n\t\t\t<div class=\"elementor-widget-wrap elementor-element-populated\">\n\t\t\t\t\t\t<div class=\"elementor-element elementor-element-5164359 elementor-position-top elementor-widget elementor-widget-image-box\" data-id=\"5164359\" data-element_type=\"widget\" data-e-type=\"widget\" data-widget_type=\"image-box.default\">\n\t\t\t\t<div class=\"elementor-widget-container\">\n\t\t\t\t\t<div class=\"elementor-image-box-wrapper\"><figure class=\"elementor-image-box-img\"><img loading=\"lazy\" decoding=\"async\" width=\"150\" height=\"150\" src=\"https:\/\/www.centrocapta.cl\/wp-content\/uploads\/2020\/10\/20170430_114846-scaled-e1603536256728-150x150.jpg\" class=\"attachment-thumbnail size-thumbnail wp-image-1293\" alt=\"\" \/><\/figure><div class=\"elementor-image-box-content\"><h3 class=\"elementor-image-box-title\">Francisco Delgado<\/h3><p class=\"elementor-image-box-description\">investigador<\/p><\/div><\/div>\t\t\t\t<\/div>\n\t\t\t\t<\/div>\n\t\t\t\t<div class=\"elementor-element elementor-element-1a7da1d elementor-view-framed elementor-shape-circle elementor-widget elementor-widget-icon\" data-id=\"1a7da1d\" data-element_type=\"widget\" data-e-type=\"widget\" data-widget_type=\"icon.default\">\n\t\t\t\t<div class=\"elementor-widget-container\">\n\t\t\t\t\t\t\t<div class=\"elementor-icon-wrapper\">\n\t\t\t<a class=\"elementor-icon\" href=\"mailto:delgado@ipgp.fr\">\n\t\t\t<i aria-hidden=\"true\" class=\"fas fa-envelope\"><\/i>\t\t\t<\/a>\n\t\t<\/div>\n\t\t\t\t\t\t<\/div>\n\t\t\t\t<\/div>\n\t\t\t\t\t<\/div>\n\t\t<\/div>\n\t\t\t\t<div class=\"elementor-column elementor-col-25 elementor-top-column elementor-element elementor-element-820fdf8\" data-id=\"820fdf8\" data-element_type=\"column\" data-e-type=\"column\">\n\t\t\t<div class=\"elementor-widget-wrap elementor-element-populated\">\n\t\t\t\t\t\t<div class=\"elementor-element elementor-element-4fa7802 elementor-position-top elementor-widget elementor-widget-image-box\" data-id=\"4fa7802\" data-element_type=\"widget\" data-e-type=\"widget\" data-widget_type=\"image-box.default\">\n\t\t\t\t<div class=\"elementor-widget-container\">\n\t\t\t\t\t<div class=\"elementor-image-box-wrapper\"><figure class=\"elementor-image-box-img\"><img loading=\"lazy\" decoding=\"async\" width=\"150\" height=\"150\" src=\"https:\/\/www.centrocapta.cl\/wp-content\/uploads\/2020\/10\/Cristian-Mattar-e1603042771806-150x150.jpg\" class=\"attachment-thumbnail size-thumbnail wp-image-1109\" alt=\"\" \/><\/figure><div class=\"elementor-image-box-content\"><h3 class=\"elementor-image-box-title\">Cristian Mattar<\/h3><p class=\"elementor-image-box-description\">Investigador<\/p><\/div><\/div>\t\t\t\t<\/div>\n\t\t\t\t<\/div>\n\t\t\t\t<div class=\"elementor-element elementor-element-f602256 elementor-view-framed elementor-shape-circle elementor-widget elementor-widget-icon\" data-id=\"f602256\" data-element_type=\"widget\" data-e-type=\"widget\" data-widget_type=\"icon.default\">\n\t\t\t\t<div class=\"elementor-widget-container\">\n\t\t\t\t\t\t\t<div class=\"elementor-icon-wrapper\">\n\t\t\t<a class=\"elementor-icon\" href=\"mailto:cmattar@uchile.cl%20\">\n\t\t\t<i aria-hidden=\"true\" class=\"fas fa-envelope\"><\/i>\t\t\t<\/a>\n\t\t<\/div>\n\t\t\t\t\t\t<\/div>\n\t\t\t\t<\/div>\n\t\t\t\t\t<\/div>\n\t\t<\/div>\n\t\t\t\t<div class=\"elementor-column elementor-col-25 elementor-top-column elementor-element elementor-element-439b09b\" data-id=\"439b09b\" data-element_type=\"column\" data-e-type=\"column\">\n\t\t\t<div class=\"elementor-widget-wrap elementor-element-populated\">\n\t\t\t\t\t\t<div class=\"elementor-element elementor-element-c4ac167 elementor-position-top elementor-widget elementor-widget-image-box\" data-id=\"c4ac167\" data-element_type=\"widget\" data-e-type=\"widget\" data-widget_type=\"image-box.default\">\n\t\t\t\t<div class=\"elementor-widget-container\">\n\t\t\t\t\t<div class=\"elementor-image-box-wrapper\"><figure class=\"elementor-image-box-img\"><img loading=\"lazy\" decoding=\"async\" width=\"150\" height=\"150\" src=\"https:\/\/www.centrocapta.cl\/wp-content\/uploads\/2020\/10\/Sergio-Contreras-e1603246886138-150x150.jpeg\" class=\"attachment-thumbnail size-thumbnail wp-image-1236\" alt=\"\" \/><\/figure><div class=\"elementor-image-box-content\"><h3 class=\"elementor-image-box-title\">Sergio Contreras<\/h3><p class=\"elementor-image-box-description\">Investigador \/ co-director proyecto 7 <\/p><\/div><\/div>\t\t\t\t<\/div>\n\t\t\t\t<\/div>\n\t\t\t\t<div class=\"elementor-element elementor-element-2316946 elementor-view-framed elementor-shape-circle elementor-widget elementor-widget-icon\" data-id=\"2316946\" data-element_type=\"widget\" data-e-type=\"widget\" data-widget_type=\"icon.default\">\n\t\t\t\t<div class=\"elementor-widget-container\">\n\t\t\t\t\t\t\t<div class=\"elementor-icon-wrapper\">\n\t\t\t<a class=\"elementor-icon\" href=\"mailto:scont006@uchile.cl\">\n\t\t\t<i aria-hidden=\"true\" class=\"fas fa-envelope\"><\/i>\t\t\t<\/a>\n\t\t<\/div>\n\t\t\t\t\t\t<\/div>\n\t\t\t\t<\/div>\n\t\t\t\t\t<\/div>\n\t\t<\/div>\n\t\t\t\t<div class=\"elementor-column elementor-col-25 elementor-top-column elementor-element elementor-element-dcdf573\" data-id=\"dcdf573\" data-element_type=\"column\" data-e-type=\"column\">\n\t\t\t<div class=\"elementor-widget-wrap elementor-element-populated\">\n\t\t\t\t\t\t<div class=\"elementor-element elementor-element-050699a elementor-position-top elementor-widget elementor-widget-image-box\" data-id=\"050699a\" data-element_type=\"widget\" data-e-type=\"widget\" data-widget_type=\"image-box.default\">\n\t\t\t\t<div class=\"elementor-widget-container\">\n\t\t\t\t\t<div class=\"elementor-image-box-wrapper\"><figure class=\"elementor-image-box-img\"><img loading=\"lazy\" decoding=\"async\" width=\"150\" height=\"150\" src=\"https:\/\/www.centrocapta.cl\/wp-content\/uploads\/2023\/06\/Matias-Taucare-150x150.jpeg\" class=\"attachment-thumbnail size-thumbnail wp-image-2799\" alt=\"\" srcset=\"https:\/\/www.centrocapta.cl\/wp-content\/uploads\/2023\/06\/Matias-Taucare-150x150.jpeg 150w, https:\/\/www.centrocapta.cl\/wp-content\/uploads\/2023\/06\/Matias-Taucare-300x300.jpeg 300w, https:\/\/www.centrocapta.cl\/wp-content\/uploads\/2023\/06\/Matias-Taucare.jpeg 400w\" sizes=\"(max-width: 150px) 100vw, 150px\" \/><\/figure><div class=\"elementor-image-box-content\"><h3 class=\"elementor-image-box-title\">Mat\u00eda Taucare<\/h3><p class=\"elementor-image-box-description\">investigador<\/p><\/div><\/div>\t\t\t\t<\/div>\n\t\t\t\t<\/div>\n\t\t\t\t<div class=\"elementor-element elementor-element-eb95a17 elementor-view-framed elementor-shape-circle elementor-widget elementor-widget-icon\" data-id=\"eb95a17\" data-element_type=\"widget\" data-e-type=\"widget\" data-widget_type=\"icon.default\">\n\t\t\t\t<div class=\"elementor-widget-container\">\n\t\t\t\t\t\t\t<div class=\"elementor-icon-wrapper\">\n\t\t\t<a class=\"elementor-icon\" href=\"mailto:matias.taucare@gmail.com\">\n\t\t\t<i aria-hidden=\"true\" class=\"fas fa-envelope\"><\/i>\t\t\t<\/a>\n\t\t<\/div>\n\t\t\t\t\t\t<\/div>\n\t\t\t\t<\/div>\n\t\t\t\t\t<\/div>\n\t\t<\/div>\n\t\t\t\t\t<\/div>\n\t\t<\/section>\n\t\t\t\t<section class=\"elementor-section elementor-top-section elementor-element elementor-element-3f4e4e4 elementor-section-boxed elementor-section-height-default elementor-section-height-default\" data-id=\"3f4e4e4\" data-element_type=\"section\" data-e-type=\"section\">\n\t\t\t\t\t\t<div class=\"elementor-container elementor-column-gap-no\">\n\t\t\t\t\t<div class=\"elementor-column elementor-col-25 elementor-top-column elementor-element elementor-element-2f257e6\" data-id=\"2f257e6\" data-element_type=\"column\" data-e-type=\"column\">\n\t\t\t<div class=\"elementor-widget-wrap elementor-element-populated\">\n\t\t\t\t\t\t<div class=\"elementor-element elementor-element-2fb40e6 elementor-position-top elementor-widget elementor-widget-image-box\" data-id=\"2fb40e6\" data-element_type=\"widget\" data-e-type=\"widget\" data-widget_type=\"image-box.default\">\n\t\t\t\t<div class=\"elementor-widget-container\">\n\t\t\t\t\t<div class=\"elementor-image-box-wrapper\"><figure class=\"elementor-image-box-img\"><img loading=\"lazy\" decoding=\"async\" width=\"150\" height=\"150\" src=\"https:\/\/www.centrocapta.cl\/wp-content\/uploads\/2021\/08\/Sebastian-reyesnueva-150x150.jpg\" class=\"attachment-thumbnail size-thumbnail wp-image-2129\" alt=\"\" srcset=\"https:\/\/www.centrocapta.cl\/wp-content\/uploads\/2021\/08\/Sebastian-reyesnueva-150x150.jpg 150w, https:\/\/www.centrocapta.cl\/wp-content\/uploads\/2021\/08\/Sebastian-reyesnueva-300x300.jpg 300w, https:\/\/www.centrocapta.cl\/wp-content\/uploads\/2021\/08\/Sebastian-reyesnueva.jpg 400w\" sizes=\"(max-width: 150px) 100vw, 150px\" \/><\/figure><div class=\"elementor-image-box-content\"><h3 class=\"elementor-image-box-title\">Sebasti\u00e1n Reyes<\/h3><p class=\"elementor-image-box-description\">Jefe de Difusi\u00f3n y Transferencia Tecnol\u00f3gica<\/p><\/div><\/div>\t\t\t\t<\/div>\n\t\t\t\t<\/div>\n\t\t\t\t<div class=\"elementor-element elementor-element-d79af78 elementor-view-framed elementor-shape-circle elementor-widget elementor-widget-icon\" data-id=\"d79af78\" data-element_type=\"widget\" data-e-type=\"widget\" data-widget_type=\"icon.default\">\n\t\t\t\t<div class=\"elementor-widget-container\">\n\t\t\t\t\t\t\t<div class=\"elementor-icon-wrapper\">\n\t\t\t<a class=\"elementor-icon\" href=\"mailto:sereyes@uchile.cl\">\n\t\t\t<i aria-hidden=\"true\" class=\"fas fa-envelope\"><\/i>\t\t\t<\/a>\n\t\t<\/div>\n\t\t\t\t\t\t<\/div>\n\t\t\t\t<\/div>\n\t\t\t\t\t<\/div>\n\t\t<\/div>\n\t\t\t\t<div class=\"elementor-column elementor-col-25 elementor-top-column elementor-element elementor-element-68a0750\" data-id=\"68a0750\" data-element_type=\"column\" data-e-type=\"column\">\n\t\t\t<div class=\"elementor-widget-wrap elementor-element-populated\">\n\t\t\t\t\t\t<div class=\"elementor-element elementor-element-c5a56c9 elementor-position-top elementor-widget elementor-widget-image-box\" data-id=\"c5a56c9\" data-element_type=\"widget\" data-e-type=\"widget\" data-widget_type=\"image-box.default\">\n\t\t\t\t<div class=\"elementor-widget-container\">\n\t\t\t\t\t<div class=\"elementor-image-box-wrapper\"><figure class=\"elementor-image-box-img\"><img loading=\"lazy\" decoding=\"async\" width=\"150\" height=\"150\" src=\"https:\/\/www.centrocapta.cl\/wp-content\/uploads\/2020\/10\/Luis-Salas-e1603246933415-150x150.jpg\" class=\"attachment-thumbnail size-thumbnail wp-image-1237\" alt=\"\" \/><\/figure><div class=\"elementor-image-box-content\"><h3 class=\"elementor-image-box-title\">Luis Salas<\/h3><p class=\"elementor-image-box-description\">Finanzas del Consorcio<\/p><\/div><\/div>\t\t\t\t<\/div>\n\t\t\t\t<\/div>\n\t\t\t\t<div class=\"elementor-element elementor-element-e0c47eb elementor-view-framed elementor-shape-circle elementor-widget elementor-widget-icon\" data-id=\"e0c47eb\" data-element_type=\"widget\" data-e-type=\"widget\" data-widget_type=\"icon.default\">\n\t\t\t\t<div class=\"elementor-widget-container\">\n\t\t\t\t\t\t\t<div class=\"elementor-icon-wrapper\">\n\t\t\t<a class=\"elementor-icon\" href=\"mailto:lusalas@ing.uchile.cl\">\n\t\t\t<i aria-hidden=\"true\" class=\"fas fa-envelope\"><\/i>\t\t\t<\/a>\n\t\t<\/div>\n\t\t\t\t\t\t<\/div>\n\t\t\t\t<\/div>\n\t\t\t\t\t<\/div>\n\t\t<\/div>\n\t\t\t\t<div class=\"elementor-column elementor-col-25 elementor-top-column elementor-element elementor-element-d96f9d0\" data-id=\"d96f9d0\" data-element_type=\"column\" data-e-type=\"column\">\n\t\t\t<div class=\"elementor-widget-wrap elementor-element-populated\">\n\t\t\t\t\t\t<div class=\"elementor-element elementor-element-26db2f4 elementor-position-top elementor-widget elementor-widget-image-box\" data-id=\"26db2f4\" data-element_type=\"widget\" data-e-type=\"widget\" data-widget_type=\"image-box.default\">\n\t\t\t\t<div class=\"elementor-widget-container\">\n\t\t\t\t\t<div class=\"elementor-image-box-wrapper\"><figure class=\"elementor-image-box-img\"><img loading=\"lazy\" decoding=\"async\" width=\"150\" height=\"150\" src=\"https:\/\/www.centrocapta.cl\/wp-content\/uploads\/2020\/10\/andres_delafuente-e1603324349935-150x150.jpg\" class=\"attachment-thumbnail size-thumbnail wp-image-1108\" alt=\"\" \/><\/figure><div class=\"elementor-image-box-content\"><h3 class=\"elementor-image-box-title\">Andr\u00e9s De la Fuente<\/h3><p class=\"elementor-image-box-description\">Investigador<\/p><\/div><\/div>\t\t\t\t<\/div>\n\t\t\t\t<\/div>\n\t\t\t\t<div class=\"elementor-element elementor-element-0e23443 elementor-view-framed elementor-shape-circle elementor-widget elementor-widget-icon\" data-id=\"0e23443\" data-element_type=\"widget\" data-e-type=\"widget\" data-widget_type=\"icon.default\">\n\t\t\t\t<div class=\"elementor-widget-container\">\n\t\t\t\t\t\t\t<div class=\"elementor-icon-wrapper\">\n\t\t\t<a class=\"elementor-icon\" href=\"mailto:afuente@uchile.cl\">\n\t\t\t<i aria-hidden=\"true\" class=\"fas fa-envelope\"><\/i>\t\t\t<\/a>\n\t\t<\/div>\n\t\t\t\t\t\t<\/div>\n\t\t\t\t<\/div>\n\t\t\t\t\t<\/div>\n\t\t<\/div>\n\t\t\t\t<div class=\"elementor-column elementor-col-25 elementor-top-column elementor-element elementor-element-82cf708\" data-id=\"82cf708\" data-element_type=\"column\" data-e-type=\"column\">\n\t\t\t<div class=\"elementor-widget-wrap elementor-element-populated\">\n\t\t\t\t\t\t<div class=\"elementor-element elementor-element-ce38710 elementor-position-top elementor-widget elementor-widget-image-box\" data-id=\"ce38710\" data-element_type=\"widget\" data-e-type=\"widget\" data-widget_type=\"image-box.default\">\n\t\t\t\t<div class=\"elementor-widget-container\">\n\t\t\t\t\t<div class=\"elementor-image-box-wrapper\"><figure class=\"elementor-image-box-img\"><img loading=\"lazy\" decoding=\"async\" width=\"150\" height=\"150\" src=\"https:\/\/www.centrocapta.cl\/wp-content\/uploads\/2023\/06\/WhatsApp-Image-2023-06-15-at-14.53.11-150x150.jpeg\" class=\"attachment-thumbnail size-thumbnail wp-image-2812\" alt=\"\" \/><\/figure><div class=\"elementor-image-box-content\"><h3 class=\"elementor-image-box-title\">Karin Rojas<\/h3><p class=\"elementor-image-box-description\">asistente Administrativa <\/p><\/div><\/div>\t\t\t\t<\/div>\n\t\t\t\t<\/div>\n\t\t\t\t<div class=\"elementor-element elementor-element-9ecafa2 elementor-view-framed elementor-shape-circle elementor-widget elementor-widget-icon\" data-id=\"9ecafa2\" data-element_type=\"widget\" data-e-type=\"widget\" data-widget_type=\"icon.default\">\n\t\t\t\t<div class=\"elementor-widget-container\">\n\t\t\t\t\t\t\t<div class=\"elementor-icon-wrapper\">\n\t\t\t<a class=\"elementor-icon\" href=\"mailto:karin.rojas@uchile.cl\">\n\t\t\t<i aria-hidden=\"true\" class=\"fas fa-envelope\"><\/i>\t\t\t<\/a>\n\t\t<\/div>\n\t\t\t\t\t\t<\/div>\n\t\t\t\t<\/div>\n\t\t\t\t\t<\/div>\n\t\t<\/div>\n\t\t\t\t\t<\/div>\n\t\t<\/section>\n\t\t\t\t<section class=\"elementor-section elementor-top-section elementor-element elementor-element-1d45520 elementor-section-boxed elementor-section-height-default elementor-section-height-default\" data-id=\"1d45520\" data-element_type=\"section\" data-e-type=\"section\">\n\t\t\t\t\t\t<div class=\"elementor-container elementor-column-gap-no\">\n\t\t\t\t\t<div class=\"elementor-column elementor-col-25 elementor-top-column elementor-element elementor-element-325d3eb\" data-id=\"325d3eb\" data-element_type=\"column\" data-e-type=\"column\">\n\t\t\t<div class=\"elementor-widget-wrap elementor-element-populated\">\n\t\t\t\t\t\t<div class=\"elementor-element elementor-element-04b8ce2 elementor-position-top elementor-widget elementor-widget-image-box\" data-id=\"04b8ce2\" data-element_type=\"widget\" data-e-type=\"widget\" data-widget_type=\"image-box.default\">\n\t\t\t\t<div class=\"elementor-widget-container\">\n\t\t\t\t\t<div class=\"elementor-image-box-wrapper\"><figure class=\"elementor-image-box-img\"><img loading=\"lazy\" decoding=\"async\" width=\"150\" height=\"150\" src=\"https:\/\/www.centrocapta.cl\/wp-content\/uploads\/2020\/10\/Cristhian-Escudero-e1603044249827-150x150.jpg\" class=\"attachment-thumbnail size-thumbnail wp-image-1132\" alt=\"\" \/><\/figure><div class=\"elementor-image-box-content\"><h3 class=\"elementor-image-box-title\">Cristhi\u00e1n Escudero<\/h3><p class=\"elementor-image-box-description\">Coordinador de Comunicaciones y Extensi\u00f3n <\/p><\/div><\/div>\t\t\t\t<\/div>\n\t\t\t\t<\/div>\n\t\t\t\t<div class=\"elementor-element elementor-element-3bcf742 elementor-view-framed elementor-shape-circle elementor-widget elementor-widget-icon\" data-id=\"3bcf742\" data-element_type=\"widget\" data-e-type=\"widget\" data-widget_type=\"icon.default\">\n\t\t\t\t<div class=\"elementor-widget-container\">\n\t\t\t\t\t\t\t<div class=\"elementor-icon-wrapper\">\n\t\t\t<a class=\"elementor-icon\" href=\"mailto:christhian.escudero@uchile.cl\">\n\t\t\t<i aria-hidden=\"true\" class=\"fas fa-envelope\"><\/i>\t\t\t<\/a>\n\t\t<\/div>\n\t\t\t\t\t\t<\/div>\n\t\t\t\t<\/div>\n\t\t\t\t<div class=\"elementor-element elementor-element-b16d858 elementor-position-top elementor-widget elementor-widget-image-box\" data-id=\"b16d858\" data-element_type=\"widget\" data-e-type=\"widget\" data-widget_type=\"image-box.default\">\n\t\t\t\t<div class=\"elementor-widget-container\">\n\t\t\t\t\t<div class=\"elementor-image-box-wrapper\"><figure class=\"elementor-image-box-img\"><img loading=\"lazy\" decoding=\"async\" width=\"150\" height=\"150\" src=\"https:\/\/www.centrocapta.cl\/wp-content\/uploads\/2021\/03\/Pablo-Paredes-150x150.jpg\" class=\"attachment-thumbnail size-thumbnail wp-image-1888\" alt=\"\" srcset=\"https:\/\/www.centrocapta.cl\/wp-content\/uploads\/2021\/03\/Pablo-Paredes-150x150.jpg 150w, https:\/\/www.centrocapta.cl\/wp-content\/uploads\/2021\/03\/Pablo-Paredes-300x300.jpg 300w, https:\/\/www.centrocapta.cl\/wp-content\/uploads\/2021\/03\/Pablo-Paredes.jpg 400w\" sizes=\"(max-width: 150px) 100vw, 150px\" \/><\/figure><div class=\"elementor-image-box-content\"><h3 class=\"elementor-image-box-title\">Pablo Paredes <\/h3><p class=\"elementor-image-box-description\">Asistente de investigaci\u00f3n proyecto 1<\/p><\/div><\/div>\t\t\t\t<\/div>\n\t\t\t\t<\/div>\n\t\t\t\t<div class=\"elementor-element elementor-element-fe2d00f elementor-view-framed elementor-shape-circle elementor-widget elementor-widget-icon\" data-id=\"fe2d00f\" data-element_type=\"widget\" data-e-type=\"widget\" data-widget_type=\"icon.default\">\n\t\t\t\t<div class=\"elementor-widget-container\">\n\t\t\t\t\t\t\t<div class=\"elementor-icon-wrapper\">\n\t\t\t<a class=\"elementor-icon\" href=\"mailto:pablo.paredes.b@ug.uchile.cl\">\n\t\t\t<i aria-hidden=\"true\" class=\"fas fa-envelope\"><\/i>\t\t\t<\/a>\n\t\t<\/div>\n\t\t\t\t\t\t<\/div>\n\t\t\t\t<\/div>\n\t\t\t\t\t<\/div>\n\t\t<\/div>\n\t\t\t\t<div class=\"elementor-column elementor-col-25 elementor-top-column elementor-element elementor-element-ae5a1dd\" data-id=\"ae5a1dd\" data-element_type=\"column\" data-e-type=\"column\">\n\t\t\t<div class=\"elementor-widget-wrap elementor-element-populated\">\n\t\t\t\t\t\t<div class=\"elementor-element elementor-element-ad1759e elementor-position-top elementor-widget elementor-widget-image-box\" data-id=\"ad1759e\" data-element_type=\"widget\" data-e-type=\"widget\" data-widget_type=\"image-box.default\">\n\t\t\t\t<div class=\"elementor-widget-container\">\n\t\t\t\t\t<div class=\"elementor-image-box-wrapper\"><figure class=\"elementor-image-box-img\"><img loading=\"lazy\" decoding=\"async\" width=\"150\" height=\"150\" src=\"https:\/\/www.centrocapta.cl\/wp-content\/uploads\/2020\/11\/Felipe-Astaburuaga-e1605323363660-150x150.jpg\" class=\"attachment-thumbnail size-thumbnail wp-image-1514\" alt=\"\" \/><\/figure><div class=\"elementor-image-box-content\"><h3 class=\"elementor-image-box-title\">Felipe Astaburuaga<\/h3><p class=\"elementor-image-box-description\">Abogado de Transferencia Tecnol\u00f3gica<\/p><\/div><\/div>\t\t\t\t<\/div>\n\t\t\t\t<\/div>\n\t\t\t\t<div class=\"elementor-element elementor-element-f9fcfc2 elementor-view-framed elementor-shape-circle elementor-widget elementor-widget-icon\" data-id=\"f9fcfc2\" data-element_type=\"widget\" data-e-type=\"widget\" data-widget_type=\"icon.default\">\n\t\t\t\t<div class=\"elementor-widget-container\">\n\t\t\t\t\t\t\t<div class=\"elementor-icon-wrapper\">\n\t\t\t<a class=\"elementor-icon\" href=\"mailto:felipe.astaburuaga@uchile.cl\">\n\t\t\t<i aria-hidden=\"true\" class=\"fas fa-envelope\"><\/i>\t\t\t<\/a>\n\t\t<\/div>\n\t\t\t\t\t\t<\/div>\n\t\t\t\t<\/div>\n\t\t\t\t<div class=\"elementor-element elementor-element-f88964c elementor-position-top elementor-widget elementor-widget-image-box\" data-id=\"f88964c\" data-element_type=\"widget\" data-e-type=\"widget\" data-widget_type=\"image-box.default\">\n\t\t\t\t<div class=\"elementor-widget-container\">\n\t\t\t\t\t<div class=\"elementor-image-box-wrapper\"><figure class=\"elementor-image-box-img\"><img loading=\"lazy\" decoding=\"async\" width=\"150\" height=\"150\" src=\"https:\/\/www.centrocapta.cl\/wp-content\/uploads\/2021\/03\/Catherine-Vargas-web-150x150.jpg\" class=\"attachment-thumbnail size-thumbnail wp-image-1889\" alt=\"\" srcset=\"https:\/\/www.centrocapta.cl\/wp-content\/uploads\/2021\/03\/Catherine-Vargas-web-150x150.jpg 150w, https:\/\/www.centrocapta.cl\/wp-content\/uploads\/2021\/03\/Catherine-Vargas-web-300x300.jpg 300w, https:\/\/www.centrocapta.cl\/wp-content\/uploads\/2021\/03\/Catherine-Vargas-web.jpg 400w\" sizes=\"(max-width: 150px) 100vw, 150px\" \/><\/figure><div class=\"elementor-image-box-content\"><h3 class=\"elementor-image-box-title\">Catherine Vargas<\/h3><p class=\"elementor-image-box-description\">Ingeniera de Desarrollo proyecto 1<\/p><\/div><\/div>\t\t\t\t<\/div>\n\t\t\t\t<\/div>\n\t\t\t\t<div class=\"elementor-element elementor-element-a5baeff elementor-view-framed elementor-shape-circle elementor-widget elementor-widget-icon\" data-id=\"a5baeff\" data-element_type=\"widget\" data-e-type=\"widget\" data-widget_type=\"icon.default\">\n\t\t\t\t<div class=\"elementor-widget-container\">\n\t\t\t\t\t\t\t<div class=\"elementor-icon-wrapper\">\n\t\t\t<a class=\"elementor-icon\" href=\"mailto:catherine.vargas@ug.uchile.cl\">\n\t\t\t<i aria-hidden=\"true\" class=\"fas fa-envelope\"><\/i>\t\t\t<\/a>\n\t\t<\/div>\n\t\t\t\t\t\t<\/div>\n\t\t\t\t<\/div>\n\t\t\t\t\t<\/div>\n\t\t<\/div>\n\t\t\t\t<div class=\"elementor-column elementor-col-25 elementor-top-column elementor-element elementor-element-698e3cd\" data-id=\"698e3cd\" data-element_type=\"column\" data-e-type=\"column\">\n\t\t\t<div class=\"elementor-widget-wrap elementor-element-populated\">\n\t\t\t\t\t\t<div class=\"elementor-element elementor-element-049ce29 elementor-position-top elementor-widget elementor-widget-image-box\" data-id=\"049ce29\" data-element_type=\"widget\" data-e-type=\"widget\" data-widget_type=\"image-box.default\">\n\t\t\t\t<div class=\"elementor-widget-container\">\n\t\t\t\t\t<div class=\"elementor-image-box-wrapper\"><figure class=\"elementor-image-box-img\"><img loading=\"lazy\" decoding=\"async\" width=\"150\" height=\"150\" src=\"https:\/\/www.centrocapta.cl\/wp-content\/uploads\/2021\/01\/Katherine-Silva-150x150.jpg\" class=\"attachment-thumbnail size-thumbnail wp-image-1820\" alt=\"\" srcset=\"https:\/\/www.centrocapta.cl\/wp-content\/uploads\/2021\/01\/Katherine-Silva-150x150.jpg 150w, https:\/\/www.centrocapta.cl\/wp-content\/uploads\/2021\/01\/Katherine-Silva-300x300.jpg 300w, https:\/\/www.centrocapta.cl\/wp-content\/uploads\/2021\/01\/Katherine-Silva.jpg 400w\" sizes=\"(max-width: 150px) 100vw, 150px\" \/><\/figure><div class=\"elementor-image-box-content\"><h3 class=\"elementor-image-box-title\">Katherinne Silva<\/h3><p class=\"elementor-image-box-description\">coordinaci\u00f3n proyecto 1<\/p><\/div><\/div>\t\t\t\t<\/div>\n\t\t\t\t<\/div>\n\t\t\t\t<div class=\"elementor-element elementor-element-1230082 elementor-view-framed elementor-shape-circle elementor-widget elementor-widget-icon\" data-id=\"1230082\" data-element_type=\"widget\" data-e-type=\"widget\" data-widget_type=\"icon.default\">\n\t\t\t\t<div class=\"elementor-widget-container\">\n\t\t\t\t\t\t\t<div class=\"elementor-icon-wrapper\">\n\t\t\t<a class=\"elementor-icon\" href=\"mailto:ksilva@uchile.cl\">\n\t\t\t<i aria-hidden=\"true\" class=\"fas fa-envelope\"><\/i>\t\t\t<\/a>\n\t\t<\/div>\n\t\t\t\t\t\t<\/div>\n\t\t\t\t<\/div>\n\t\t\t\t<div class=\"elementor-element elementor-element-792a8aa elementor-position-top elementor-widget elementor-widget-image-box\" data-id=\"792a8aa\" data-element_type=\"widget\" data-e-type=\"widget\" data-widget_type=\"image-box.default\">\n\t\t\t\t<div class=\"elementor-widget-container\">\n\t\t\t\t\t<div class=\"elementor-image-box-wrapper\"><figure class=\"elementor-image-box-img\"><img loading=\"lazy\" decoding=\"async\" width=\"150\" height=\"150\" src=\"https:\/\/www.centrocapta.cl\/wp-content\/uploads\/2021\/09\/Mari\u0301a-Jose\u0301-Chaco\u0301n-Zenteno-150x150.jpg\" class=\"attachment-thumbnail size-thumbnail wp-image-2137\" alt=\"\" srcset=\"https:\/\/www.centrocapta.cl\/wp-content\/uploads\/2021\/09\/Mari\u0301a-Jose\u0301-Chaco\u0301n-Zenteno-150x150.jpg 150w, https:\/\/www.centrocapta.cl\/wp-content\/uploads\/2021\/09\/Mari\u0301a-Jose\u0301-Chaco\u0301n-Zenteno-300x300.jpg 300w, https:\/\/www.centrocapta.cl\/wp-content\/uploads\/2021\/09\/Mari\u0301a-Jose\u0301-Chaco\u0301n-Zenteno.jpg 400w\" sizes=\"(max-width: 150px) 100vw, 150px\" \/><\/figure><div class=\"elementor-image-box-content\"><h3 class=\"elementor-image-box-title\">Mar\u00eda Jos\u00e9 Chac\u00f3n <\/h3><p class=\"elementor-image-box-description\">Ingeniera de Desarrollo proyecto 8<\/p><\/div><\/div>\t\t\t\t<\/div>\n\t\t\t\t<\/div>\n\t\t\t\t<div class=\"elementor-element elementor-element-0e8d356 elementor-view-framed elementor-shape-circle elementor-widget elementor-widget-icon\" data-id=\"0e8d356\" data-element_type=\"widget\" data-e-type=\"widget\" data-widget_type=\"icon.default\">\n\t\t\t\t<div class=\"elementor-widget-container\">\n\t\t\t\t\t\t\t<div class=\"elementor-icon-wrapper\">\n\t\t\t<a class=\"elementor-icon\" href=\"mailto:maria.chacon@uchile.cl%20\">\n\t\t\t<i aria-hidden=\"true\" class=\"fas fa-envelope\"><\/i>\t\t\t<\/a>\n\t\t<\/div>\n\t\t\t\t\t\t<\/div>\n\t\t\t\t<\/div>\n\t\t\t\t\t<\/div>\n\t\t<\/div>\n\t\t\t\t<div class=\"elementor-column elementor-col-25 elementor-top-column elementor-element elementor-element-f9477f8\" data-id=\"f9477f8\" data-element_type=\"column\" data-e-type=\"column\">\n\t\t\t<div class=\"elementor-widget-wrap elementor-element-populated\">\n\t\t\t\t\t\t<div class=\"elementor-element elementor-element-d35901b elementor-position-top elementor-widget elementor-widget-image-box\" data-id=\"d35901b\" data-element_type=\"widget\" data-e-type=\"widget\" data-widget_type=\"image-box.default\">\n\t\t\t\t<div class=\"elementor-widget-container\">\n\t\t\t\t\t<div class=\"elementor-image-box-wrapper\"><figure class=\"elementor-image-box-img\"><img loading=\"lazy\" decoding=\"async\" width=\"150\" height=\"150\" src=\"https:\/\/www.centrocapta.cl\/wp-content\/uploads\/2021\/03\/RaquelSanchezweb-150x150.jpg\" class=\"attachment-thumbnail size-thumbnail wp-image-1890\" alt=\"\" srcset=\"https:\/\/www.centrocapta.cl\/wp-content\/uploads\/2021\/03\/RaquelSanchezweb-150x150.jpg 150w, https:\/\/www.centrocapta.cl\/wp-content\/uploads\/2021\/03\/RaquelSanchezweb-300x300.jpg 300w, https:\/\/www.centrocapta.cl\/wp-content\/uploads\/2021\/03\/RaquelSanchezweb.jpg 400w\" sizes=\"(max-width: 150px) 100vw, 150px\" \/><\/figure><div class=\"elementor-image-box-content\"><h3 class=\"elementor-image-box-title\">Raquel S\u00e1nchez <\/h3><p class=\"elementor-image-box-description\">Asistente de investigaci\u00f3n proyecto 1<\/p><\/div><\/div>\t\t\t\t<\/div>\n\t\t\t\t<\/div>\n\t\t\t\t<div class=\"elementor-element elementor-element-a023d60 elementor-view-framed elementor-shape-circle elementor-widget elementor-widget-icon\" data-id=\"a023d60\" data-element_type=\"widget\" data-e-type=\"widget\" data-widget_type=\"icon.default\">\n\t\t\t\t<div class=\"elementor-widget-container\">\n\t\t\t\t\t\t\t<div class=\"elementor-icon-wrapper\">\n\t\t\t<a class=\"elementor-icon\" href=\"mailto:raquel.sanchez@ug.uchile.cl\">\n\t\t\t<i aria-hidden=\"true\" class=\"fas fa-envelope\"><\/i>\t\t\t<\/a>\n\t\t<\/div>\n\t\t\t\t\t\t<\/div>\n\t\t\t\t<\/div>\n\t\t\t\t<div class=\"elementor-element elementor-element-cd7147e elementor-position-top elementor-widget elementor-widget-image-box\" data-id=\"cd7147e\" data-element_type=\"widget\" data-e-type=\"widget\" data-widget_type=\"image-box.default\">\n\t\t\t\t<div class=\"elementor-widget-container\">\n\t\t\t\t\t<div class=\"elementor-image-box-wrapper\"><figure class=\"elementor-image-box-img\"><img loading=\"lazy\" decoding=\"async\" width=\"150\" height=\"150\" src=\"https:\/\/www.centrocapta.cl\/wp-content\/uploads\/2023\/06\/Denisse-Toro-150x150.jpeg\" class=\"attachment-thumbnail size-thumbnail wp-image-2804\" alt=\"\" srcset=\"https:\/\/www.centrocapta.cl\/wp-content\/uploads\/2023\/06\/Denisse-Toro-150x150.jpeg 150w, https:\/\/www.centrocapta.cl\/wp-content\/uploads\/2023\/06\/Denisse-Toro-300x300.jpeg 300w, https:\/\/www.centrocapta.cl\/wp-content\/uploads\/2023\/06\/Denisse-Toro.jpeg 400w\" sizes=\"(max-width: 150px) 100vw, 150px\" \/><\/figure><div class=\"elementor-image-box-content\"><h3 class=\"elementor-image-box-title\">Denisse Toro<\/h3><p class=\"elementor-image-box-description\">Investigadora Proyecto 7<\/p><\/div><\/div>\t\t\t\t<\/div>\n\t\t\t\t<\/div>\n\t\t\t\t<div class=\"elementor-element elementor-element-e47b733 elementor-view-framed elementor-shape-circle elementor-widget elementor-widget-icon\" data-id=\"e47b733\" data-element_type=\"widget\" data-e-type=\"widget\" data-widget_type=\"icon.default\">\n\t\t\t\t<div class=\"elementor-widget-container\">\n\t\t\t\t\t\t\t<div class=\"elementor-icon-wrapper\">\n\t\t\t<a class=\"elementor-icon\" href=\"mailto:denisse.toro.a@gmail.com\">\n\t\t\t<i aria-hidden=\"true\" class=\"fas fa-envelope\"><\/i>\t\t\t<\/a>\n\t\t<\/div>\n\t\t\t\t\t\t<\/div>\n\t\t\t\t<\/div>\n\t\t\t\t\t<\/div>\n\t\t<\/div>\n\t\t\t\t\t<\/div>\n\t\t<\/section>\n\t\t\t\t<section class=\"elementor-section elementor-top-section elementor-element elementor-element-ae4c1d8 elementor-section-boxed elementor-section-height-default elementor-section-height-default\" data-id=\"ae4c1d8\" data-element_type=\"section\" data-e-type=\"section\">\n\t\t\t\t\t\t<div class=\"elementor-container elementor-column-gap-default\">\n\t\t\t\t\t<div class=\"elementor-column elementor-col-25 elementor-top-column elementor-element elementor-element-c61bfe7\" data-id=\"c61bfe7\" data-element_type=\"column\" data-e-type=\"column\">\n\t\t\t<div class=\"elementor-widget-wrap elementor-element-populated\">\n\t\t\t\t\t\t<div class=\"elementor-element elementor-element-db7d55b elementor-position-top elementor-widget elementor-widget-image-box\" data-id=\"db7d55b\" data-element_type=\"widget\" data-e-type=\"widget\" data-widget_type=\"image-box.default\">\n\t\t\t\t<div class=\"elementor-widget-container\">\n\t\t\t\t\t<div class=\"elementor-image-box-wrapper\"><figure class=\"elementor-image-box-img\"><img loading=\"lazy\" decoding=\"async\" width=\"150\" height=\"150\" src=\"https:\/\/www.centrocapta.cl\/wp-content\/uploads\/2023\/06\/Pedro-150x150.jpeg\" class=\"attachment-thumbnail size-thumbnail wp-image-2808\" alt=\"\" srcset=\"https:\/\/www.centrocapta.cl\/wp-content\/uploads\/2023\/06\/Pedro-150x150.jpeg 150w, https:\/\/www.centrocapta.cl\/wp-content\/uploads\/2023\/06\/Pedro-300x300.jpeg 300w, https:\/\/www.centrocapta.cl\/wp-content\/uploads\/2023\/06\/Pedro.jpeg 400w\" sizes=\"(max-width: 150px) 100vw, 150px\" \/><\/figure><div class=\"elementor-image-box-content\"><h3 class=\"elementor-image-box-title\">Pedro Simunovic<\/h3><p class=\"elementor-image-box-description\">Investigador Proyecto 7<\/p><\/div><\/div>\t\t\t\t<\/div>\n\t\t\t\t<\/div>\n\t\t\t\t<div class=\"elementor-element elementor-element-c6731da elementor-view-framed elementor-shape-circle elementor-widget elementor-widget-icon\" data-id=\"c6731da\" data-element_type=\"widget\" data-e-type=\"widget\" data-widget_type=\"icon.default\">\n\t\t\t\t<div class=\"elementor-widget-container\">\n\t\t\t\t\t\t\t<div class=\"elementor-icon-wrapper\">\n\t\t\t<a class=\"elementor-icon\" href=\"mailto:pedro.simunovic@ug.uchile.cl\">\n\t\t\t<i aria-hidden=\"true\" class=\"fas fa-envelope\"><\/i>\t\t\t<\/a>\n\t\t<\/div>\n\t\t\t\t\t\t<\/div>\n\t\t\t\t<\/div>\n\t\t\t\t\t<\/div>\n\t\t<\/div>\n\t\t\t\t<div class=\"elementor-column elementor-col-25 elementor-top-column elementor-element elementor-element-68be7cf\" data-id=\"68be7cf\" data-element_type=\"column\" data-e-type=\"column\">\n\t\t\t<div class=\"elementor-widget-wrap elementor-element-populated\">\n\t\t\t\t\t\t<div class=\"elementor-element elementor-element-71dea36 elementor-position-top elementor-widget elementor-widget-image-box\" data-id=\"71dea36\" data-element_type=\"widget\" data-e-type=\"widget\" data-widget_type=\"image-box.default\">\n\t\t\t\t<div class=\"elementor-widget-container\">\n\t\t\t\t\t<div class=\"elementor-image-box-wrapper\"><figure class=\"elementor-image-box-img\"><img loading=\"lazy\" decoding=\"async\" width=\"150\" height=\"150\" src=\"https:\/\/www.centrocapta.cl\/wp-content\/uploads\/2023\/07\/Adrien-Tavernier-150x150.jpeg\" class=\"attachment-thumbnail size-thumbnail wp-image-2862\" alt=\"\" srcset=\"https:\/\/www.centrocapta.cl\/wp-content\/uploads\/2023\/07\/Adrien-Tavernier-150x150.jpeg 150w, https:\/\/www.centrocapta.cl\/wp-content\/uploads\/2023\/07\/Adrien-Tavernier-300x300.jpeg 300w, https:\/\/www.centrocapta.cl\/wp-content\/uploads\/2023\/07\/Adrien-Tavernier.jpeg 400w\" sizes=\"(max-width: 150px) 100vw, 150px\" \/><\/figure><div class=\"elementor-image-box-content\"><h3 class=\"elementor-image-box-title\"><span style=\"font-size: 0.875rem;, Roboto, RobotoDraft, Helvetica, Arial, sans-serif;font-weight: inherit;text-align: left;white-space: nowrap\">Adrien Tavernier<\/span><\/h3><p class=\"elementor-image-box-description\">Investigador Proyecto 5<\/p><\/div><\/div>\t\t\t\t<\/div>\n\t\t\t\t<\/div>\n\t\t\t\t<div class=\"elementor-element elementor-element-73673e3 elementor-view-framed elementor-shape-circle elementor-widget elementor-widget-icon\" data-id=\"73673e3\" data-element_type=\"widget\" data-e-type=\"widget\" data-widget_type=\"icon.default\">\n\t\t\t\t<div class=\"elementor-widget-container\">\n\t\t\t\t\t\t\t<div class=\"elementor-icon-wrapper\">\n\t\t\t<a class=\"elementor-icon\" href=\"mailto:adrien.tavernier@uda.cl\">\n\t\t\t<i aria-hidden=\"true\" class=\"fas fa-envelope\"><\/i>\t\t\t<\/a>\n\t\t<\/div>\n\t\t\t\t\t\t<\/div>\n\t\t\t\t<\/div>\n\t\t\t\t\t<\/div>\n\t\t<\/div>\n\t\t\t\t<div class=\"elementor-column elementor-col-25 elementor-top-column elementor-element elementor-element-09904e6\" data-id=\"09904e6\" data-element_type=\"column\" data-e-type=\"column\">\n\t\t\t<div class=\"elementor-widget-wrap\">\n\t\t\t\t\t\t\t<\/div>\n\t\t<\/div>\n\t\t\t\t<div class=\"elementor-column elementor-col-25 elementor-top-column elementor-element elementor-element-5555df7\" data-id=\"5555df7\" data-element_type=\"column\" data-e-type=\"column\">\n\t\t\t<div class=\"elementor-widget-wrap\">\n\t\t\t\t\t\t\t<\/div>\n\t\t<\/div>\n\t\t\t\t\t<\/div>\n\t\t<\/section>\n\t\t\t\t<\/div>\n\t\t","protected":false},"excerpt":{"rendered":"<p>Linda Daniele investigadora &#8211; directora acad\u00e9mica James McPhee investigador &#8211; subdirector consorcio Mar\u00eda Ignacia Orell directora ejecutiva Rodrigo Fuster director proyecto 1 Karina Palacios coordinaci\u00f3n proyecto 1 Yerel Morales Investigadora de Doctorado Francisco Jara Profesional de investigaci\u00f3n Yolanda Alberto investigadora &#8211; directora proyecto 2 Yarko Ni\u00f1o investigador Ariel Fern\u00e1ndez investigador Ana Luc\u00eda Prieto investigadora &#8211; [&hellip;]<\/p>\n","protected":false},"author":1,"featured_media":0,"parent":0,"menu_order":0,"comment_status":"closed","ping_status":"closed","template":"","meta":{"footnotes":""},"class_list":["post-1039","page","type-page","status-publish","hentry"],"_links":{"self":[{"href":"https:\/\/www.centrocapta.cl\/index.php?rest_route=\/wp\/v2\/pages\/1039","targetHints":{"allow":["GET"]}}],"collection":[{"href":"https:\/\/www.centrocapta.cl\/index.php?rest_route=\/wp\/v2\/pages"}],"about":[{"href":"https:\/\/www.centrocapta.cl\/index.php?rest_route=\/wp\/v2\/types\/page"}],"author":[{"embeddable":true,"href":"https:\/\/www.centrocapta.cl\/index.php?rest_route=\/wp\/v2\/users\/1"}],"replies":[{"embeddable":true,"href":"https:\/\/www.centrocapta.cl\/index.php?rest_route=%2Fwp%2Fv2%2Fcomments&post=1039"}],"version-history":[{"count":207,"href":"https:\/\/www.centrocapta.cl\/index.php?rest_route=\/wp\/v2\/pages\/1039\/revisions"}],"predecessor-version":[{"id":2878,"href":"https:\/\/www.centrocapta.cl\/index.php?rest_route=\/wp\/v2\/pages\/1039\/revisions\/2878"}],"wp:attachment":[{"href":"https:\/\/www.centrocapta.cl\/index.php?rest_route=%2Fwp%2Fv2%2Fmedia&parent=1039"}],"curies":[{"name":"wp","href":"https:\/\/api.w.org\/{rel}","templated":true}]}}